{"id":1006,"date":"2025-07-21T09:49:18","date_gmt":"2025-07-21T08:49:18","guid":{"rendered":"https:\/\/soundorigins.kindred.agency\/hakkinda\/"},"modified":"2025-09-25T16:24:52","modified_gmt":"2025-09-25T15:24:52","slug":"hakkinda","status":"publish","type":"page","link":"https:\/\/soundorigins.org\/tr\/hakkinda\/","title":{"rendered":"Hakk\u0131nda"},"content":{"rendered":"<div class=\"wp-elements-5edfa3e620c4f5f00098e6aebe6b941f\">\n                    <div class=\"relative bg-cover bg-center bg-no-repeat w-full py-8 md:flex md:items-center md:py-0 md:min-h-[408px]\"\n             style=\"background-image: url('https:\/\/soundorigins.org\/app\/uploads\/2025\/08\/generic-scaled.jpg')\" >\n            <div class=\"container\">\n  <div style=\"max-width: 800px\">\n                    <h1 class=\"font-title font-medium leading-[42px] md:leading-[59px]! text-[34px] md:text-[49px]! align wp-elements-5edfa3e620c4f5f00098e6aebe6b941f wp-block-title has-text-color has-cream-color\">\n                                                    Sound Origins, yenido\u011fan \u00fcnitesinde ciddi \u015fekilde hasta olan bir bebe\u011fe bak\u0131m veren ebeveynler ve sa\u011fl\u0131k profesyonelleri taraf\u0131ndan geli\u015ftirilmi\u015ftir\n                                            <\/h1>\n                <\/div>\n<\/div>        <\/div>\n    <\/div>\n<section class=\"wp-elements-1028a37d0d0bc59d77a9f6c49c85e5b3 wp-block-section has-text-color has-purple-color has-background has-cream-2-background-color\" style=\"\">\n                    <div class=\"w-full h-full\">\n                <div class=\"acf-innerblocks-container\">\n\n<div class=\"wp-block-columns is-layout-flex wp-container-core-columns-is-layout-28f84493 wp-block-columns-is-layout-flex\">\n<div class=\"wp-block-column is-layout-constrained wp-container-core-column-is-layout-92ef7b19 wp-block-column-is-layout-constrained\">\n<p><strong>Ortaklar<\/strong><br\/>Proje ortaklar\u0131m\u0131z\u0131n de\u011ferli deste\u011fi ve i\u015fbirli\u011fi i\u00e7in minnettarl\u0131kla te\u015fekk\u00fcr ederiz.<\/p>\n\n\n<div class=\"alignwide wp-block-partner-logos\" class=\"alignwide wp-block-partner-logos\">\n      <div class=\"w-full\">\n            \n      \n              <div class=\"flex flex-col md:flex-row justify-between items-center mb-8 md:mb-12 gap-8 md:gap-8\">\n                      <div class=\"flex-1 flex justify-center\">\n                              <a href=\"https:\/\/www.acrossummah.com\" \n                   target=\"_blank\" \n                   rel=\"noopener noreferrer\"\n                   class=\"block w-full\">\n                            \n                              <img decoding=\"async\" src=\"https:\/\/soundorigins.org\/app\/uploads\/2025\/08\/Across-Ummah.png\" \n                     alt=\"\"\n                     class=\"object-contain mx-auto\" \/>\n                            \n                              <\/a>\n                          <\/div>\n                      <div class=\"flex-1 flex justify-center\">\n                              <a href=\"https:\/\/www.campsimcha.org.uk\" \n                   target=\"_blank\" \n                   rel=\"noopener noreferrer\"\n                   class=\"block w-full\">\n                            \n                              <img decoding=\"async\" src=\"https:\/\/soundorigins.org\/app\/uploads\/2025\/08\/Camp-Simcha-logo-1.png\" \n                     alt=\"\"\n                     class=\"object-contain mx-auto\" \/>\n                            \n                              <\/a>\n                          <\/div>\n                      <div class=\"flex-1 flex justify-center\">\n                              <a href=\"https:\/\/www.peeps-hie.org\" \n                   target=\"_blank\" \n                   rel=\"noopener noreferrer\"\n                   class=\"block w-full\">\n                            \n                              <img decoding=\"async\" src=\"https:\/\/soundorigins.org\/app\/uploads\/2025\/08\/peeps.png\" \n                     alt=\"\"\n                     class=\"object-contain mx-auto\" \/>\n                            \n                              <\/a>\n                          <\/div>\n                  <\/div>\n            \n      \n              <div class=\"flex flex-col md:flex-row items-center justify-between gap-8 md:gap-[74px]\">\n                    <div class=\"flex-1 flex justify-center\">\n                          <a href=\"https:\/\/noahsarkhospice.org.uk\" \n                 target=\"_blank\" \n                 rel=\"noopener noreferrer\"\n                 class=\"block w-full\">\n                        \n                          <img decoding=\"async\" src=\"https:\/\/soundorigins.org\/app\/uploads\/2025\/08\/NA-logo_BLK-1.png\" \n                   alt=\"\"\n                   class=\"object-contain mx-auto\" \/>\n                        \n                          <\/a>\n                      <\/div>\n                  <div class=\"flex-1 flex justify-center\">\n                          <a href=\"https:\/\/www.design-science.org.uk\" \n                 target=\"_blank\" \n                 rel=\"noopener noreferrer\"\n                 class=\"block w-full\">\n                        \n                          <img decoding=\"async\" src=\"https:\/\/soundorigins.org\/app\/uploads\/2025\/08\/Group-77.png\" \n                   alt=\"\"\n                   class=\"object-contain mx-auto\" \/>\n                        \n                          <\/a>\n                      <\/div>\n                <\/div>\n          <\/div>\n  <\/div><\/div>\n<\/div>\n\n<\/div>\n            <\/div>\n            <\/section>\n<section class=\"wp-elements-9b2364dceb1f7d14b757112587b0ee12 wp-block-section has-text-color has-purple-color has-background has-cream-3-background-color\" style=\"\">\n                    <div class=\"w-full h-full\">\n                <div class=\"acf-innerblocks-container\">\n\n<div class=\"wp-block-columns is-layout-flex wp-container-core-columns-is-layout-28f84493 wp-block-columns-is-layout-flex\">\n<div class=\"wp-block-column is-layout-constrained wp-container-core-column-is-layout-92ef7b19 wp-block-column-is-layout-constrained\">\n<p><strong>\u0130leti\u015fim<\/strong><br\/>Gelecekteki ebeveynler i\u00e7in \u015fark\u0131 \u00f6nerisinde bulunmak veya ebeveynleri ve bebekleri desteklemek amac\u0131yla ses ve \u015fark\u0131 kullan\u0131m\u0131 hakk\u0131nda daha fazla bilgi almak i\u00e7in l\u00fctfen ileti\u015fime ge\u00e7iniz:<br\/><br\/><a href=\"mailto:Kirsty.Jane1@nhs.net\">Kirsty.Jane1@nhs.net<\/a><\/p>\n<\/div>\n<\/div>\n\n<\/div>\n            <\/div>\n            <\/section>\n<section class=\"min-h-[477px] [&amp;:has(.wp-block:not(.wp-block-acf-innerblocks))]:min-h-0 wp-block-section\" style=\"\">\n                    <div class=\"w-full h-full\">\n                <div class=\"acf-innerblocks-container\">\n\n<figure class=\"wp-block-image size-large\"><img loading=\"lazy\" decoding=\"async\" width=\"1024\" height=\"290\" src=\"https:\/\/soundorigins.org\/app\/uploads\/2025\/09\/About_babies-1024x290.jpg\" alt=\"\" class=\"wp-image-760\" srcset=\"https:\/\/soundorigins.org\/app\/uploads\/2025\/09\/About_babies-1024x290.jpg 1024w, https:\/\/soundorigins.org\/app\/uploads\/2025\/09\/About_babies-300x85.jpg 300w, https:\/\/soundorigins.org\/app\/uploads\/2025\/09\/About_babies-768x218.jpg 768w, https:\/\/soundorigins.org\/app\/uploads\/2025\/09\/About_babies-1536x435.jpg 1536w, https:\/\/soundorigins.org\/app\/uploads\/2025\/09\/About_babies-2048x580.jpg 2048w\" sizes=\"auto, (max-width: 1024px) 100vw, 1024px\" \/><\/figure>\n\n<\/div>\n            <\/div>\n            <\/section>\n<section class=\"wp-elements-22cf63b4b15536dc9717def4d7fff650 wp-block-section has-text-color has-purple-color has-background has-cream-2-background-color\" style=\"\">\n                    <div class=\"w-full h-full\">\n                <div class=\"acf-innerblocks-container\">\n\n<div class=\"wp-block-columns is-layout-flex wp-container-core-columns-is-layout-28f84493 wp-block-columns-is-layout-flex\">\n<div class=\"wp-block-column is-layout-constrained wp-container-core-column-is-layout-92ef7b19 wp-block-column-is-layout-constrained\">\n<p><strong>Ara\u015ft\u0131rmalar\u0131m\u0131z<\/strong><br\/>Ara\u015ft\u0131rmalar\u0131m\u0131zla ilgileniyorsan\u0131z, \u00e7al\u0131\u015fmalar\u0131m\u0131z\u0131n bir par\u00e7as\u0131 olarak yay\u0131nlad\u0131\u011f\u0131m\u0131z ara\u015ft\u0131rma makalelerini ve b\u00f6l\u00fcmlerini a\u015fa\u011f\u0131da bulabilirsiniz. <\/p>\n\n\n\n<p><a href=\"https:\/\/www.sciencedirect.com\/science\/article\/abs\/pii\/S1355184122000126\" target=\"_blank\" rel=\"noreferrer noopener\">&#8216;George&#8217;un Ninnisi: Palyatif yolda olan ebeveynleri ve bebeklerini desteklemek i\u00e7in M\u00fczik Terapisi kullan\u0131m\u0131n\u0131n vaka \u00e7al\u0131\u015fmas\u0131&#8217;, <em>ScienceDirect<\/em><\/a><br\/><em>K. Ormston, E. Rose ve K. Gallagher<\/em><br\/>Journal of Neonatal Nursing 2022 Cilt 28 Say\u0131 3 Sayfalar 203\u2013206<br\/>DOI: <a href=\"https:\/\/doi.org\/10.1016\/j.jnn.2022.01.011\" target=\"_blank\" rel=\"noreferrer noopener\">https:\/\/doi.org\/10.1016\/j.jnn.2022.01.011<\/a> <br\/><br\/>&#8216;\u0130leti\u015fim hatlar\u0131: yenido\u011fan \u00fcnitesinde s\u00fcrekli ba\u011flar olu\u015fturmak&#8217;<br\/><em>K. Jane, M. Titus ve D Ram Mohan<\/em><br\/>\u0130\u00e7inde: <a href=\"https:\/\/www.routledge.com\/Music-Therapy-in-Childrens-Palliative-Care-Collaborative-Family-and-Practitioner-Voices\/Kammin-Russell\/p\/book\/9781032657288\">\u00c7ocuk Palyatif Bak\u0131m\u0131nda M\u00fczik Terapisi: \u0130\u015fbirlik\u00e7i Aile ve Uygulay\u0131c\u0131 Sesleri, V. Kammin ve J. Russell edit\u00f6rl\u00fc\u011f\u00fcnde<\/a><br\/>B\u00f6l\u00fcm 2, Routledge 2025 <br\/><br\/><a href=\"https:\/\/onlinelibrary.wiley.com\/doi\/10.1111\/nicc.13194\" target=\"_blank\" rel=\"noreferrer noopener\">&#8216;Yenido\u011fan \u00fcnitesinde ebeveynlerin psikoterap\u00f6tik destek deneyimleri: \u00c7ok k\u00fclt\u00fcrl\u00fc bir pop\u00fclasyon i\u00e7in m\u00fcdahale geli\u015ftirmeyi bilgilendirmek amac\u0131yla karma y\u00f6ntemler sistematik incelemesi&#8217;<\/a><br\/><em>K. Jane, D. Wood, K. Gallagher, P. Livermore, H. Shoemark ve G. Robert<\/em><br\/>Nursing in Critical Care 2024 Cilt n\/a Say\u0131 n\/a<br\/>DOI: https:\/\/doi.org\/10.1111\/nicc.13194 <br\/><br\/>&#8216;Yenido\u011fan bak\u0131m ortamlar\u0131nda ebeveyn olmak: \u0130ngiltere yenido\u011fan \u00fcnitelerinde ciddi \u015fekilde hasta bebekli ebeveynler i\u00e7in ses ve \u015fark\u0131n\u0131n kabul edilebilirli\u011fi \u00fczerine bir anket \u2013 ScienceDirect&#8217; <br\/><em>K. Jane, K. Gallagher, P. Livermore, H. Shoemark ve G. Robert<\/em><br\/>Journal of Neonatal Nursing 2025 Cilt 31 Say\u0131 3 Sayfalar 101674<br\/>DOI: <a href=\"https:\/\/doi.org\/10.1016\/j.jnn.2025.101674\" target=\"_blank\" rel=\"noreferrer noopener\">https:\/\/doi.org\/10.1016\/j.jnn.2025.101674<\/a> <br\/><br\/>&#8216;Birle\u015fik Krall\u0131k&#8217;taki yenido\u011fan \u00fcnitelerinde belirsiz gelece\u011fi olan bebekli ebeveynler i\u00e7in s\u00fcrekli ba\u011flar\u0131 desteklemek: k\u00fclt\u00fcrel a\u00e7\u0131dan duyarl\u0131 bir m\u00fczik terapisi m\u00fcdahalesini birlikte tasarlamak&#8217;<br\/><em>K. Jane, K Gallagher, P.Livermore, H.Shoemark ve G. Robert<\/em> (bas\u0131mda)<\/p>\n<\/div>\n<\/div>\n\n<\/div>\n            <\/div>\n            <\/section>\n\n<p><\/p>\n","protected":false},"excerpt":{"rendered":"","protected":false},"author":1,"featured_media":0,"parent":0,"menu_order":0,"comment_status":"closed","ping_status":"closed","template":"","meta":{"_acf_changed":false,"navigation_active_colour":"","footnotes":""},"class_list":["post-1006","page","type-page","status-publish","hentry"],"acf":[],"_links":{"self":[{"href":"https:\/\/soundorigins.org\/tr\/wp-json\/wp\/v2\/pages\/1006","targetHints":{"allow":["GET"]}}],"collection":[{"href":"https:\/\/soundorigins.org\/tr\/wp-json\/wp\/v2\/pages"}],"about":[{"href":"https:\/\/soundorigins.org\/tr\/wp-json\/wp\/v2\/types\/page"}],"author":[{"embeddable":true,"href":"https:\/\/soundorigins.org\/tr\/wp-json\/wp\/v2\/users\/1"}],"replies":[{"embeddable":true,"href":"https:\/\/soundorigins.org\/tr\/wp-json\/wp\/v2\/comments?post=1006"}],"version-history":[{"count":1,"href":"https:\/\/soundorigins.org\/tr\/wp-json\/wp\/v2\/pages\/1006\/revisions"}],"predecessor-version":[{"id":1015,"href":"https:\/\/soundorigins.org\/tr\/wp-json\/wp\/v2\/pages\/1006\/revisions\/1015"}],"wp:attachment":[{"href":"https:\/\/soundorigins.org\/tr\/wp-json\/wp\/v2\/media?parent=1006"}],"curies":[{"name":"wp","href":"https:\/\/api.w.org\/{rel}","templated":true}]}}