{"id":1447,"date":"2026-06-18T06:02:28","date_gmt":"2026-06-18T05:02:28","guid":{"rendered":"https:\/\/soundorigins.org\/\/?page_id=1447"},"modified":"2026-09-04T16:45:02","modified_gmt":"2026-09-04T15:45:02","slug":"ghid-pentru-parinti-4","status":"publish","type":"page","link":"https:\/\/soundorigins.org\/ro\/asistenta\/ghid-pentru-parinti-4\/","title":{"rendered":"Publica\u021bii"},"content":{"rendered":"<div class=\"wp-elements-19450d55f63a9d04215eb2621fd252c1\">\n                    <div class=\"relative bg-cover bg-center bg-no-repeat w-full py-8 md:flex md:items-center md:py-0 md:min-h-[408px]\"\n             style=\"background-image: url('https:\/\/soundorigins.org\/app\/uploads\/2026\/06\/Training-banner.jpg')\" >\n            <div class=\"container\">\n  <div style=\"max-width: 890px\">\n                    <h1 class=\"font-title font-medium leading-[42px] md:leading-[59px]! text-[34px] md:text-[49px]! align wp-elements-19450d55f63a9d04215eb2621fd252c1 wp-block-title has-text-color has-cream-color\">\n                                                    Am creat o serie de resurse menite s\u0103 v\u0103 ajute s\u0103 implementa\u021bi programul \u201eSound Origins\u201d \u00een activitatea dumneavoastr\u0103.  \n                                            <\/h1>\n                <\/div>\n<\/div>        <\/div>\n    <\/div>\n<section class=\"wp-block-section has-background has-cream-background-color\" style=\"\">\n                    <div class=\"w-full h-full\">\n                <div class=\"acf-innerblocks-container\">\n<div class=\"container\">\n  <nav class=\"sibling-nav flex flex-row flex-wrap rtl:flex-row-reverse items-center lg:gap-x-[230px] min-h-[74px] gap-x-[30px] gap-y-4 justify-start rtl:justify-end wp-block-page-navigation\">\n                  <a href=\"https:\/\/soundorigins.org\/ro\/asistenta\/ghid-pentru-parinti-2\/\"\n           class=\"sibling-nav-link font-title font-bold text-body tracking-[0.08em] uppercase text-purple no-underline relative transition-colors duration-300 ease-in-out\">\n          Formare\n        <\/a>\n              <a href=\"https:\/\/soundorigins.org\/ro\/asistenta\/ghid-pentru-parinti-3\/\"\n           class=\"sibling-nav-link font-title font-bold text-body tracking-[0.08em] uppercase text-purple no-underline relative transition-colors duration-300 ease-in-out\">\n          Resurse\n        <\/a>\n              <a href=\"https:\/\/soundorigins.org\/ro\/asistenta\/ghid-pentru-parinti-4\/\"\n           class=\"sibling-nav-link font-title font-bold text-body tracking-[0.08em] uppercase text-purple no-underline relative transition-colors duration-300 ease-in-out current-page\">\n          Publica\u021bii\n        <\/a>\n          \n    \n      <\/nav>\n<\/div>\n<\/div>\n            <\/div>\n            <\/section>\n<section class=\"wp-block-section\" style=\"\">\n                    <div class=\"w-full h-full\">\n                <div class=\"acf-innerblocks-container\">\n\n<figure class=\"wp-block-image size-large mb-0\"><img loading=\"lazy\" decoding=\"async\" width=\"1024\" height=\"299\" src=\"https:\/\/soundorigins.org\/\/app\/uploads\/2026\/06\/Training-sub-banner-1024x299.jpg\" alt=\"\" class=\"wp-image-1468\" srcset=\"https:\/\/soundorigins.org\/app\/uploads\/2026\/06\/Training-sub-banner-1024x299.jpg 1024w, https:\/\/soundorigins.org\/app\/uploads\/2026\/06\/Training-sub-banner-300x88.jpg 300w, https:\/\/soundorigins.org\/app\/uploads\/2026\/06\/Training-sub-banner-768x224.jpg 768w, https:\/\/soundorigins.org\/app\/uploads\/2026\/06\/Training-sub-banner-1536x448.jpg 1536w, https:\/\/soundorigins.org\/app\/uploads\/2026\/06\/Training-sub-banner-2048x597.jpg 2048w\" sizes=\"auto, (max-width: 1024px) 100vw, 1024px\" \/><\/figure>\n\n<\/div>\n            <\/div>\n            <\/section>\n<section class=\"wp-block-section has-background has-pale-white-background-color\" style=\"\">\n                    <div class=\"w-full h-full\">\n                <div class=\"acf-innerblocks-container\">\n\n<div class=\"wp-block-columns has-pale-white-background-color has-background is-layout-flex wp-container-core-columns-is-layout-5381b18c wp-block-columns-is-layout-flex\" style=\"padding-bottom:0\">\n<div class=\"wp-block-column is-layout-constrained wp-container-core-column-is-layout-639c48d0 wp-block-column-is-layout-constrained\" style=\"padding-top:0px;padding-right:0;padding-bottom:0;padding-left:0\">\n<p class=\"has-purple-color has-text-color has-link-color wp-elements-3b64aed684752d2b817bc964d7d78042 wp-block-paragraph\" style=\"padding-top:70px;padding-bottom:0px\">Am publicat rezultatele cercet\u0103rii privind dezvoltarea \u0219i rezultatele programului \u201eSound Origins\u201d \u00een reviste de specialitate, \u00een cadrul conferin\u021belor, precum \u0219i pe paginile noastre <a href=\"https:\/\/www.instagram.com\/soundorigins.mt\/\" target=\"_blank\" rel=\"noreferrer noopener\">de Instagram<\/a> \u0219i <a href=\"https:\/\/www.linkedin.com\/in\/kirsty-jane-9595751b4\/\" target=\"_blank\" rel=\"noreferrer noopener\">LinkedIn<\/a>.<br\/><br\/>Mai jos g\u0103si\u021bi cele mai recente publica\u021bii, din care pute\u021bi afla de ce \u0219i cum a fost dezvoltat programul \u201eSound Origins\u201d \u0219i care este impactul pe care \u00eel are:<\/p>\n<\/div>\n<\/div>\n\n<\/div>\n            <\/div>\n            <\/section>\n<section class=\"py-(--wp--custom--spacing--section-padding-mobile-top) md:py-(--wp--custom--spacing--section-padding-desktop) wp-block-section has-background has-pale-white-background-color\" style=\"\">\n                    <div class=\"w-full h-full\">\n                <div class=\"acf-innerblocks-container\">\n<div style=\"padding-bottom:38px;\" class=\"wp-block-image-grid\">\n  <div class=\"container\">\n  <div class=\"grid grid-cols-2 gap-x-4 gap-y-[38px] mx-auto md:flex md:flex-wrap md:gap-[38px] md:max-w-[914px]\">\n              <div class=\"min-w-0 md:w-[200px] md:max-w-[200px]\">\n                      <a\n              href=\"https:\/\/kclpure.kcl.ac.uk\/ws\/portalfiles\/portal\/308886899\/Nursing_in_Critical_Care_-_2024_-_Jane_-_Parents_experiences_of_psychotherapeutic_support_on_the_neonatal_unit_A_mixed.pdf\"\n              class=\"block\"\n               target=\"_blank\" rel=\"noopener noreferrer\"             >\n                                <img decoding=\"async\"\n              src=\"https:\/\/soundorigins.org\/app\/uploads\/2026\/08\/Supporting-continuing-bonds-for-parents.jpg\"\n              alt=\"\"\n              class=\"aspect-[25\/33] w-full object-cover md:h-[264px] md:w-[200px]\"\n            \/>\n          \n                      <div class=\"image-grid__caption mt-[15px] font-body text-[15px] font-medium leading-[130%] text-purple\">\n              <p>Experien\u021bele p\u0103rin\u021bilor \u0219i ale speciali\u0219tilor \u00een \u00eengrijirea unui nou-n\u0103scut cu un viitor incert \u00een sec\u021bia de neonatologie. Grupuri de discu\u021bie \u0219i interviuri <\/p>\n\n            <\/div>\n                                <\/a>\n                  <\/div>\n              <div class=\"min-w-0 md:w-[200px] md:max-w-[200px]\">\n                      <a\n              href=\"https:\/\/www.sciencedirect.com\/science\/article\/pii\/S1355184125000596?via%3Dihub\"\n              class=\"block\"\n               target=\"_blank\" rel=\"noopener noreferrer\"             >\n                                <img decoding=\"async\"\n              src=\"https:\/\/soundorigins.org\/app\/uploads\/2026\/08\/X13551841.jpg\"\n              alt=\"\"\n              class=\"aspect-[25\/33] w-full object-cover md:h-[264px] md:w-[200px]\"\n            \/>\n          \n                      <div class=\"image-grid__caption mt-[15px] font-body text-[15px] font-medium leading-[130%] text-purple\">\n              <p>Rolul p\u0103rin\u021bilor \u00een unit\u0103\u021bile de \u00eengrijire neonatal\u0103: Un studiu privind acceptabilitatea sunetelor \u0219i a c\u00e2ntecelor \u00een r\u00e2ndul p\u0103rin\u021bilor cu nou-n\u0103scu\u021bi grav bolnavi din sec\u021biile de neonatologie din Marea Britanie<\/p>\n\n            <\/div>\n                                <\/a>\n                  <\/div>\n              <div class=\"min-w-0 md:w-[200px] md:max-w-[200px]\">\n                      <a\n              href=\"https:\/\/www.routledge.com\/Music-Therapy-in-Childrens-Palliative-Care-Collaborative-Family-and-Practitioner-Voices\/Kammin-Russell\/p\/book\/9781032657288\"\n              class=\"block\"\n               target=\"_blank\" rel=\"noopener noreferrer\"             >\n                                <img decoding=\"async\"\n              src=\"https:\/\/soundorigins.org\/app\/uploads\/2026\/08\/9781032657288.jpg\"\n              alt=\"\"\n              class=\"aspect-[25\/33] w-full object-cover md:h-[264px] md:w-[200px]\"\n            \/>\n          \n                      <div class=\"image-grid__caption mt-[15px] font-body text-[15px] font-medium leading-[130%] text-purple\">\n              <p>Explorarea poten\u021bialului terapiei prin muzic\u0103 de a ajuta la gestionarea incertitudinii \u00een cadrul unit\u0103\u021bilor de terapie intensiv\u0103 neonatal\u0103: un studiu calitativ realizat \u00een Anglia<\/p>\n\n            <\/div>\n                                <\/a>\n                  <\/div>\n              <div class=\"min-w-0 md:w-[200px] md:max-w-[200px]\">\n                      <a\n              href=\"https:\/\/www.frontiersin.org\/journals\/psychiatry\/articles\/10.3389\/fpsyt.2025.1633878\/full\"\n              class=\"block\"\n               target=\"_blank\" rel=\"noopener noreferrer\"             >\n                                <img decoding=\"async\"\n              src=\"https:\/\/soundorigins.org\/app\/uploads\/2026\/08\/Supporting-continuing-bonds-for-parents.jpg\"\n              alt=\"\"\n              class=\"aspect-[25\/33] w-full object-cover md:h-[264px] md:w-[200px]\"\n            \/>\n          \n                      <div class=\"image-grid__caption mt-[15px] font-body text-[15px] font-medium leading-[130%] text-purple\">\n              <p>Sprijinirea men\u021binerii leg\u0103turilor \u00eentre p\u0103rin\u021bi \u0219i nou-n\u0103scu\u021bii cu un viitor incert \u00eentr-o sec\u021bie de neonatologie din Regatul Unit: conceperea \u00een comun a unei interven\u021bii de terapie prin muzic\u0103 adaptat\u0103 contextului cultural<\/p>\n\n            <\/div>\n                                <\/a>\n                  <\/div>\n          <\/div>\n<\/div>  <\/div>\n\n\n<div class=\"wp-block-image-grid\">\n  <div class=\"container\">\n  <div class=\"grid grid-cols-2 gap-x-4 gap-y-[38px] mx-auto md:flex md:flex-wrap md:gap-[38px] md:max-w-[914px]\">\n              <div class=\"min-w-0 md:w-[200px] md:max-w-[200px]\">\n                                <img decoding=\"async\"\n              src=\"https:\/\/soundorigins.org\/app\/uploads\/2026\/08\/Publication_placeholder-768x768.jpg\"\n              alt=\"\"\n              class=\"aspect-[25\/33] w-full object-cover md:h-[264px] md:w-[200px]\"\n            \/>\n          \n                      <div class=\"image-grid__caption mt-[15px] font-body text-[15px] font-medium leading-[130%] text-purple\">\n              <p>Furnizarea de terapie prin muzic\u0103 pentru copiii cu v\u00e2rsta sub un an \u00een mediul spitalicesc: un sondaj realizat \u00een r\u00e2ndul terapeu\u021bilor prin muzic\u0103 din Regatul Unit<\/p>\n\n            <\/div>\n                            <\/div>\n              <div class=\"min-w-0 md:w-[200px] md:max-w-[200px]\">\n                                <img decoding=\"async\"\n              src=\"https:\/\/soundorigins.org\/app\/uploads\/2026\/08\/Publication_placeholder-768x768.jpg\"\n              alt=\"\"\n              class=\"aspect-[25\/33] w-full object-cover md:h-[264px] md:w-[200px]\"\n            \/>\n          \n                      <div class=\"image-grid__caption mt-[15px] font-body text-[15px] font-medium leading-[130%] text-purple\">\n              <p>Canale de comunicare: crearea unor leg\u0103turi durabile \u00een sec\u021bia de neonatologie.<\/p>\n\n            <\/div>\n                            <\/div>\n          <\/div>\n<\/div>  <\/div>\n\n<\/div>\n            <\/div>\n            <\/section>\n<section class=\"py-(--wp--custom--spacing--section-padding-mobile-top) md:py-(--wp--custom--spacing--section-padding-desktop) wp-block-section has-background has-cream-3-background-color\" style=\"\">\n                    <div class=\"w-full h-full\">\n                <div class=\"acf-innerblocks-container\">\n<div class=\"w-full relative\">\n    <!-- Full-width carousel that allows slides to extend beyond container -->\n    <div\n      id=\"carousel-6a9bc2d2849cc\"\n      class=\"swiper relative testimonial-carousel\"\n      x-data=\"carousel()\"\n    >\n              <div class=\"testimonial-carousel-content mx-auto max-w-[790px] px-4 mb-6 md:mb-[29px]\">\n          <h2 class=\"text-purple text-balance font-sans! font-[700]! text-[18px]! leading-[130%]! tracking-normal not-italic\">\n            What people have said about Sound Origins\n          <\/h2>\n        <\/div>\n      \n      <!-- Additional required wrapper -->\n      <div class=\"swiper-wrapper\">\n        <!-- Slides -->\n                        <div class=\"swiper-slide\">\n          <div class=\"testimonial-carousel-content mx-auto max-w-[790px] px-4\">\n            \n            <div class=\"space-y-0\">\n                              <div class=\"text-purple font-sans font-medium text-[15px] leading-[130%] tracking-normal not-italic md:text-[18px]\">\n                  &#8220;It&#039;s a way to connect to connect among us [\u2026] not just because of the way we work, but because of the way we feel or see music or what the rhythms we like&#8221;                <\/div>\n              \n                              <div class=\"text-purple font-sans font-medium text-[15px] leading-[130%] tracking-normal not-italic md:text-[18px]\">\n                  \u2013 Nurse (anonymous)\n                <\/div>\n                          <\/div>\n          <\/div>\n        <\/div>\n                        <div class=\"swiper-slide\">\n          <div class=\"testimonial-carousel-content mx-auto max-w-[790px] px-4\">\n            \n            <div class=\"space-y-0\">\n                              <div class=\"text-purple font-sans font-medium text-[15px] leading-[130%] tracking-normal not-italic md:text-[18px]\">\n                  &#8220;We literally have so many nationalities in the unit. So imagine how many different music we&#039;re going to be all listening to!&#8221;                <\/div>\n              \n                              <div class=\"text-purple font-sans font-medium text-[15px] leading-[130%] tracking-normal not-italic md:text-[18px]\">\n                  \u2013 Nurse (anonymous)\n                <\/div>\n                          <\/div>\n          <\/div>\n        <\/div>\n                        <div class=\"swiper-slide\">\n          <div class=\"testimonial-carousel-content mx-auto max-w-[790px] px-4\">\n            \n            <div class=\"space-y-0\">\n                              <div class=\"text-purple font-sans font-medium text-[15px] leading-[130%] tracking-normal not-italic md:text-[18px]\">\n                  &#8220;It makes me relax. I like the diary. I can write what I feel while listening to the music&#8221;                <\/div>\n              \n                              <div class=\"text-purple font-sans font-medium text-[15px] leading-[130%] tracking-normal not-italic md:text-[18px]\">\n                  \u2013 NICU Parent\n                <\/div>\n                          <\/div>\n          <\/div>\n        <\/div>\n                        <div class=\"swiper-slide\">\n          <div class=\"testimonial-carousel-content mx-auto max-w-[790px] px-4\">\n            \n            <div class=\"space-y-0\">\n                              <div class=\"text-purple font-sans font-medium text-[15px] leading-[130%] tracking-normal not-italic md:text-[18px]\">\n                  &#8220;I don&#039;t know what could have helped me before, but these little, little things can\u2026 I&#039;m using it in my own time\u2026 I&#039;m calming myself so that I can give my baby a nice time\u2026 it really does help&#8221;                <\/div>\n              \n                              <div class=\"text-purple font-sans font-medium text-[15px] leading-[130%] tracking-normal not-italic md:text-[18px]\">\n                  \u2013 NICU Parent\n                <\/div>\n                          <\/div>\n          <\/div>\n        <\/div>\n                        <div class=\"swiper-slide\">\n          <div class=\"testimonial-carousel-content mx-auto max-w-[790px] px-4\">\n            \n            <div class=\"space-y-0\">\n                              <div class=\"text-purple font-sans font-medium text-[15px] leading-[130%] tracking-normal not-italic md:text-[18px]\">\n                  &#8220;Speaking with Kirsty and using the website resources has supported our practice in engaging families and their babies through sound. The narratives and tools have helped facilitate meaningful conversations about sound in relation to connection, communication, and belonging, offering a thoughtful and accessible perspective for parents and babies. &#8221;                <\/div>\n              \n                              <div class=\"text-purple font-sans font-medium text-[15px] leading-[130%] tracking-normal not-italic md:text-[18px]\">\n                  \u2013 Thomas Rowe, Occupational Therapist\n                <\/div>\n                          <\/div>\n          <\/div>\n        <\/div>\n                        <div class=\"swiper-slide\">\n          <div class=\"testimonial-carousel-content mx-auto max-w-[790px] px-4\">\n            \n            <div class=\"space-y-0\">\n                              <div class=\"text-purple font-sans font-medium text-[15px] leading-[130%] tracking-normal not-italic md:text-[18px]\">\n                  &#8220;I\u2019ve really enjoyed using Sound Origins in our supper club groups. The playlists provide a fantastic starting point for conversations about meaningful music, helping people share memories and connect with each other. We\u2019ve also seen how music and these play lists can support co-regulation with babies, which has been especially valuable for parents. It\u2019s a thoughtful and engaging resource that staff and families respond to very positively.&#8221;                <\/div>\n              \n                              <div class=\"text-purple font-sans font-medium text-[15px] leading-[130%] tracking-normal not-italic md:text-[18px]\">\n                  \u2013 Emily Hills, Clinical Specialist Occupational Therapist\n                <\/div>\n                          <\/div>\n          <\/div>\n        <\/div>\n              <\/div>\n  \n      <div class=\"mx-auto max-w-content px-4 pt-6 flex justify-center\">\n        <div class=\"swiper-pagination\"><\/div>\n      <\/div>\n\n      <!-- Navigation arrows positioned directly within swiper -->\n      <div class=\"swiper-button-prev carousel-arrow-prev hidden md:block\"><\/div>\n      <div class=\"swiper-button-next carousel-arrow-next hidden md:block\"><\/div>\n    <\/div>\n  <\/div>\n\n<\/div>\n            <\/div>\n            <\/section>\n","protected":false},"excerpt":{"rendered":"","protected":false},"author":1,"featured_media":0,"parent":1660,"menu_order":2,"comment_status":"closed","ping_status":"closed","template":"","meta":{"_acf_changed":false,"navigation_active_colour":"","footnotes":""},"class_list":["post-1447","page","type-page","status-publish","hentry"],"acf":[],"_links":{"self":[{"href":"https:\/\/soundorigins.org\/ro\/wp-json\/wp\/v2\/pages\/1447","targetHints":{"allow":["GET"]}}],"collection":[{"href":"https:\/\/soundorigins.org\/ro\/wp-json\/wp\/v2\/pages"}],"about":[{"href":"https:\/\/soundorigins.org\/ro\/wp-json\/wp\/v2\/types\/page"}],"author":[{"embeddable":true,"href":"https:\/\/soundorigins.org\/ro\/wp-json\/wp\/v2\/users\/1"}],"replies":[{"embeddable":true,"href":"https:\/\/soundorigins.org\/ro\/wp-json\/wp\/v2\/comments?post=1447"}],"version-history":[{"count":3,"href":"https:\/\/soundorigins.org\/ro\/wp-json\/wp\/v2\/pages\/1447\/revisions"}],"predecessor-version":[{"id":1613,"href":"https:\/\/soundorigins.org\/ro\/wp-json\/wp\/v2\/pages\/1447\/revisions\/1613"}],"up":[{"embeddable":true,"href":"https:\/\/soundorigins.org\/ro\/wp-json\/wp\/v2\/pages\/1660"}],"wp:attachment":[{"href":"https:\/\/soundorigins.org\/ro\/wp-json\/wp\/v2\/media?parent=1447"}],"curies":[{"name":"wp","href":"https:\/\/api.w.org\/{rel}","templated":true}]}}