{"id":1419,"date":"2026-06-18T05:35:24","date_gmt":"2026-06-18T04:35:24","guid":{"rendered":"https:\/\/soundorigins.org\/\/?page_id=1419"},"modified":"2026-09-04T16:45:02","modified_gmt":"2026-09-04T15:45:02","slug":"ghid-pentru-parinti-3","status":"publish","type":"page","link":"https:\/\/soundorigins.org\/ro\/asistenta\/ghid-pentru-parinti-3\/","title":{"rendered":"Resurse"},"content":{"rendered":"<div class=\"wp-elements-19450d55f63a9d04215eb2621fd252c1\">\n                    <div class=\"relative bg-cover bg-center bg-no-repeat w-full py-8 md:flex md:items-center md:py-0 md:min-h-[408px]\"\n             style=\"background-image: url('https:\/\/soundorigins.org\/app\/uploads\/2026\/06\/Training-banner.jpg')\" >\n            <div class=\"container\">\n  <div style=\"max-width: 890px\">\n                    <h1 class=\"font-title font-medium leading-[42px] md:leading-[59px]! text-[34px] md:text-[49px]! align wp-elements-19450d55f63a9d04215eb2621fd252c1 wp-block-title has-text-color has-cream-color\">\n                                                    Am creat o serie de resurse menite s\u0103 v\u0103 ajute s\u0103 implementa\u021bi programul \u201eSound Origins\u201d \u00een activitatea dumneavoastr\u0103.  \n                                            <\/h1>\n                <\/div>\n<\/div>        <\/div>\n    <\/div>\n<section class=\"wp-block-section has-background has-cream-background-color\" style=\"\">\n                    <div class=\"w-full h-full\">\n                <div class=\"acf-innerblocks-container\">\n<div class=\"container\">\n  <nav class=\"sibling-nav flex flex-row flex-wrap rtl:flex-row-reverse items-center lg:gap-x-[230px] min-h-[74px] gap-x-[30px] gap-y-4 justify-start rtl:justify-end wp-block-page-navigation\">\n                  <a href=\"https:\/\/soundorigins.org\/ro\/asistenta\/ghid-pentru-parinti-2\/\"\n           class=\"sibling-nav-link font-title font-bold text-body tracking-[0.08em] uppercase text-purple no-underline relative transition-colors duration-300 ease-in-out\">\n          Formare\n        <\/a>\n              <a href=\"https:\/\/soundorigins.org\/ro\/asistenta\/ghid-pentru-parinti-3\/\"\n           class=\"sibling-nav-link font-title font-bold text-body tracking-[0.08em] uppercase text-purple no-underline relative transition-colors duration-300 ease-in-out current-page\">\n          Resurse\n        <\/a>\n              <a href=\"https:\/\/soundorigins.org\/ro\/asistenta\/ghid-pentru-parinti-4\/\"\n           class=\"sibling-nav-link font-title font-bold text-body tracking-[0.08em] uppercase text-purple no-underline relative transition-colors duration-300 ease-in-out\">\n          Publica\u021bii\n        <\/a>\n          \n    \n      <\/nav>\n<\/div>\n<\/div>\n            <\/div>\n            <\/section>\n<section class=\"wp-block-section\" style=\"\">\n                    <div class=\"w-full h-full\">\n                <div class=\"acf-innerblocks-container\">\n\n<figure class=\"wp-block-image size-large mb-0\"><img loading=\"lazy\" decoding=\"async\" width=\"1024\" height=\"299\" src=\"https:\/\/soundorigins.org\/\/app\/uploads\/2026\/06\/Training-sub-banner-1024x299.jpg\" alt=\"\" class=\"wp-image-1468\" srcset=\"https:\/\/soundorigins.org\/app\/uploads\/2026\/06\/Training-sub-banner-1024x299.jpg 1024w, https:\/\/soundorigins.org\/app\/uploads\/2026\/06\/Training-sub-banner-300x88.jpg 300w, https:\/\/soundorigins.org\/app\/uploads\/2026\/06\/Training-sub-banner-768x224.jpg 768w, https:\/\/soundorigins.org\/app\/uploads\/2026\/06\/Training-sub-banner-1536x448.jpg 1536w, https:\/\/soundorigins.org\/app\/uploads\/2026\/06\/Training-sub-banner-2048x597.jpg 2048w\" sizes=\"auto, (max-width: 1024px) 100vw, 1024px\" \/><\/figure>\n\n<\/div>\n            <\/div>\n            <\/section>\n<section class=\"wp-block-section has-background has-pale-white-background-color\" style=\"\">\n                    <div class=\"w-full h-full\">\n                <div class=\"acf-innerblocks-container\">\n\n<div class=\"wp-block-columns has-pale-white-background-color has-background is-layout-flex wp-container-core-columns-is-layout-5381b18c wp-block-columns-is-layout-flex\" style=\"padding-bottom:0\">\n<div class=\"wp-block-column is-layout-constrained wp-container-core-column-is-layout-639c48d0 wp-block-column-is-layout-constrained\" style=\"padding-top:0px;padding-right:0;padding-bottom:0;padding-left:0\">\n<p class=\"has-purple-color has-text-color has-link-color wp-elements-6fd25436b43186dca003184aa3eae8d5 wp-block-paragraph\" style=\"padding-top:70px;padding-bottom:70px\">Dac\u0103 dori\u021bi s\u0103 pune\u021bi la dispozi\u021bie programul Sound Origins \u00een cadrul organiza\u021biei dumneavoastr\u0103, v\u0103 rug\u0103m s\u0103 ne contacta\u021bi pentru a discuta \u00eempreun\u0103 despre nevoile de formare ale personalului dumneavoastr\u0103 \u0219i despre modul \u00een care pute\u021bi evalua cel mai bine acest program.<br\/><br\/>Pe l\u00e2ng\u0103 programul nostru de formare, am dezvoltat \u0219i resurse gratuite care v\u0103 vor ajuta s\u0103 \u00eencepe\u021bi:<\/p>\n<\/div>\n<\/div>\n\n<\/div>\n            <\/div>\n            <\/section>\n<section class=\"wp-block-section has-background has-pale-white-background-color\" style=\"\">\n                    <div class=\"w-full h-full\">\n                <div class=\"acf-innerblocks-container\">\n<div class=\"wp-block-image-grid\">\n  <div class=\"container\">\n  <div class=\"grid grid-cols-2 gap-x-4 gap-y-[38px] mx-auto md:flex md:flex-wrap md:gap-[38px] md:max-w-[914px]\">\n              <div class=\"min-w-0 md:w-[200px] md:max-w-[200px]\">\n                                <img decoding=\"async\"\n              src=\"https:\/\/soundorigins.org\/app\/uploads\/2026\/08\/Publication_placeholder-768x768.jpg\"\n              alt=\"\"\n              class=\"aspect-[25\/33] w-full object-cover md:h-[264px] md:w-[200px]\"\n            \/>\n          \n                      <div class=\"image-grid__caption mt-[15px] font-body text-[15px] font-medium leading-[130%] text-purple\">\n              <p>Linii directoare pentru implementarea programului <em>\u201eSound Origins<\/em> \u201d \u00een sec\u021biile de neonatologie<\/p>\n\n            <\/div>\n                            <\/div>\n              <div class=\"min-w-0 md:w-[200px] md:max-w-[200px]\">\n                                <img decoding=\"async\"\n              src=\"https:\/\/soundorigins.org\/app\/uploads\/2026\/08\/Publication_placeholder-768x768.jpg\"\n              alt=\"\"\n              class=\"aspect-[25\/33] w-full object-cover md:h-[264px] md:w-[200px]\"\n            \/>\n          \n                      <div class=\"image-grid__caption mt-[15px] font-body text-[15px] font-medium leading-[130%] text-purple\">\n              <p>Bro\u0219ur\u0103 u\u0219or de citit pentru p\u0103rin\u021bi<\/p>\n\n            <\/div>\n                            <\/div>\n          <\/div>\n<\/div>  <\/div>\n\n<\/div>\n            <\/div>\n            <\/section>\n<section class=\"wp-block-section has-background has-pale-white-background-color\" style=\"\">\n                    <div class=\"w-full h-full\">\n                <div class=\"acf-innerblocks-container\">\n\n<div class=\"wp-block-columns has-pale-white-background-color has-background is-layout-flex wp-container-core-columns-is-layout-5381b18c wp-block-columns-is-layout-flex\" style=\"padding-bottom:0\">\n<div class=\"wp-block-column is-layout-constrained wp-container-core-column-is-layout-8cd0034a wp-block-column-is-layout-constrained\" style=\"padding-top:70px;padding-right:0;padding-bottom:70px;padding-left:0\">\n<div class=\"wp-block-group is-layout-constrained wp-container-core-group-is-layout-f06853d0 wp-block-group-is-layout-constrained\">\n<p class=\"has-purple-color has-text-color has-link-color wp-elements-ef44d1fac2f02c76f2b87c790fbb7aac wp-block-paragraph\"><strong>Spune-ne cum a mers!<\/strong><\/p>\n\n\n\n<p class=\"has-purple-color has-text-color has-link-color wp-elements-65b6a827e2762cc4da980f9cd213b995 wp-block-paragraph\">Odat\u0103 ce a\u021bi \u00eenceput s\u0103 oferi\u021bi programul \u201eSound Origins\u201d \u00een cadrul organiza\u021biei dumneavoastr\u0103, v\u0103 rug\u0103m <a href=\"mailto:kirsty.jane@kcl.ac.uk\">s\u0103 ne \u00eemp\u0103rt\u0103\u0219i\u021bi experien\u021bele \u0219i opiniile dumneavoastr\u0103<\/a>, pentru ca noi s\u0103 putem continua s\u0103 dezvolt\u0103m resurse \u0219i s\u0103 consolid\u0103m baza de dovezi.<\/p>\n<\/div>\n\n\n\n<div class=\"wp-block-group is-layout-constrained wp-container-core-group-is-layout-f06853d0 wp-block-group-is-layout-constrained\">\n<p class=\"has-purple-color has-text-color has-link-color wp-elements-63071854d15af0d0d32636aca15359fa wp-block-paragraph\"><strong><strong>Cum pot g\u0103si un terapeut prin muzic\u0103?<\/strong><\/strong><\/p>\n\n\n\n<p class=\"has-purple-color has-text-color has-link-color wp-elements-abac05d54e2b11094785e01670b1fa67 wp-block-paragraph\">Dac\u0103 dori\u021bi s\u0103 \u00eenfiin\u021ba\u021bi un serviciu de terapie prin muzic\u0103 \u00eentr-o sec\u021bie de neonatologie sau \u00een orice alt cadru, v\u0103 st\u0103m cu pl\u0103cere la dispozi\u021bie pentru a v\u0103 oferi sfaturi privind modalit\u0103\u021bile de realizare a acestui demers. V\u0103 rug\u0103m <a href=\"mailto:kirsty.jane@kcl.ac.uk\" data-type=\"mailto\" data-id=\"mailto:kirsty.jane@kcl.ac.uk\">s\u0103 ne contacta\u021bi<\/a> pentru mai multe informa\u021bii. <br\/><br\/>Dac\u0103 sunte\u021bi o familie care caut\u0103 un terapeut muzical, pute\u021bi contacta <a href=\"https:\/\/www.bamt.org\/\" data-type=\"link\" data-id=\"https:\/\/www.bamt.org\/\">Asocia\u021bia Britanic\u0103 de Terapie Muzical\u0103<\/a>, care v\u0103 va oferi sprijin \u00een acest sens.<\/p>\n<\/div>\n<\/div>\n<\/div>\n\n<\/div>\n            <\/div>\n            <\/section>\n<section class=\"py-(--wp--custom--spacing--section-padding-mobile-top) md:py-(--wp--custom--spacing--section-padding-desktop) wp-block-section has-background has-cream-3-background-color\" style=\"\">\n                    <div class=\"w-full h-full\">\n                <div class=\"acf-innerblocks-container\">\n<div class=\"w-full relative\">\n    <!-- Full-width carousel that allows slides to extend beyond container -->\n    <div\n      id=\"carousel-6a9bc38e8de5c\"\n      class=\"swiper relative testimonial-carousel\"\n      x-data=\"carousel()\"\n    >\n              <div class=\"testimonial-carousel-content mx-auto max-w-[790px] px-4 mb-6 md:mb-[29px]\">\n          <h2 class=\"text-purple text-balance font-sans! font-[700]! text-[18px]! leading-[130%]! tracking-normal not-italic\">\n            What people have said about Sound Origins\n          <\/h2>\n        <\/div>\n      \n      <!-- Additional required wrapper -->\n      <div class=\"swiper-wrapper\">\n        <!-- Slides -->\n                        <div class=\"swiper-slide\">\n          <div class=\"testimonial-carousel-content mx-auto max-w-[790px] px-4\">\n            \n            <div class=\"space-y-0\">\n                              <div class=\"text-purple font-sans font-medium text-[15px] leading-[130%] tracking-normal not-italic md:text-[18px]\">\n                  &#8220;It&#039;s a way to connect to connect among us [\u2026] not just because of the way we work, but because of the way we feel or see music or what the rhythms we like&#8221;                <\/div>\n              \n                              <div class=\"text-purple font-sans font-medium text-[15px] leading-[130%] tracking-normal not-italic md:text-[18px]\">\n                  \u2013 Nurse (anonymous)\n                <\/div>\n                          <\/div>\n          <\/div>\n        <\/div>\n                        <div class=\"swiper-slide\">\n          <div class=\"testimonial-carousel-content mx-auto max-w-[790px] px-4\">\n            \n            <div class=\"space-y-0\">\n                              <div class=\"text-purple font-sans font-medium text-[15px] leading-[130%] tracking-normal not-italic md:text-[18px]\">\n                  &#8220;We literally have so many nationalities in the unit. So imagine how many different music we&#039;re going to be all listening to!&#8221;                <\/div>\n              \n                              <div class=\"text-purple font-sans font-medium text-[15px] leading-[130%] tracking-normal not-italic md:text-[18px]\">\n                  \u2013 Nurse (anonymous)\n                <\/div>\n                          <\/div>\n          <\/div>\n        <\/div>\n                        <div class=\"swiper-slide\">\n          <div class=\"testimonial-carousel-content mx-auto max-w-[790px] px-4\">\n            \n            <div class=\"space-y-0\">\n                              <div class=\"text-purple font-sans font-medium text-[15px] leading-[130%] tracking-normal not-italic md:text-[18px]\">\n                  &#8220;It makes me relax. I like the diary. I can write what I feel while listening to the music&#8221;                <\/div>\n              \n                              <div class=\"text-purple font-sans font-medium text-[15px] leading-[130%] tracking-normal not-italic md:text-[18px]\">\n                  \u2013 NICU Parent\n                <\/div>\n                          <\/div>\n          <\/div>\n        <\/div>\n                        <div class=\"swiper-slide\">\n          <div class=\"testimonial-carousel-content mx-auto max-w-[790px] px-4\">\n            \n            <div class=\"space-y-0\">\n                              <div class=\"text-purple font-sans font-medium text-[15px] leading-[130%] tracking-normal not-italic md:text-[18px]\">\n                  &#8220;I don&#039;t know what could have helped me before, but these little, little things can\u2026 I&#039;m using it in my own time\u2026 I&#039;m calming myself so that I can give my baby a nice time\u2026 it really does help&#8221;                <\/div>\n              \n                              <div class=\"text-purple font-sans font-medium text-[15px] leading-[130%] tracking-normal not-italic md:text-[18px]\">\n                  \u2013 NICU Parent\n                <\/div>\n                          <\/div>\n          <\/div>\n        <\/div>\n                        <div class=\"swiper-slide\">\n          <div class=\"testimonial-carousel-content mx-auto max-w-[790px] px-4\">\n            \n            <div class=\"space-y-0\">\n                              <div class=\"text-purple font-sans font-medium text-[15px] leading-[130%] tracking-normal not-italic md:text-[18px]\">\n                  &#8220;Speaking with Kirsty and using the website resources has supported our practice in engaging families and their babies through sound. The narratives and tools have helped facilitate meaningful conversations about sound in relation to connection, communication, and belonging, offering a thoughtful and accessible perspective for parents and babies. &#8221;                <\/div>\n              \n                              <div class=\"text-purple font-sans font-medium text-[15px] leading-[130%] tracking-normal not-italic md:text-[18px]\">\n                  \u2013 Thomas Rowe, Occupational Therapist\n                <\/div>\n                          <\/div>\n          <\/div>\n        <\/div>\n                        <div class=\"swiper-slide\">\n          <div class=\"testimonial-carousel-content mx-auto max-w-[790px] px-4\">\n            \n            <div class=\"space-y-0\">\n                              <div class=\"text-purple font-sans font-medium text-[15px] leading-[130%] tracking-normal not-italic md:text-[18px]\">\n                  &#8220;I\u2019ve really enjoyed using Sound Origins in our supper club groups. The playlists provide a fantastic starting point for conversations about meaningful music, helping people share memories and connect with each other. We\u2019ve also seen how music and these play lists can support co-regulation with babies, which has been especially valuable for parents. It\u2019s a thoughtful and engaging resource that staff and families respond to very positively.&#8221;                <\/div>\n              \n                              <div class=\"text-purple font-sans font-medium text-[15px] leading-[130%] tracking-normal not-italic md:text-[18px]\">\n                  \u2013 Emily Hills, Clinical Specialist Occupational Therapist\n                <\/div>\n                          <\/div>\n          <\/div>\n        <\/div>\n              <\/div>\n  \n      <div class=\"mx-auto max-w-content px-4 pt-6 flex justify-center\">\n        <div class=\"swiper-pagination\"><\/div>\n      <\/div>\n\n      <!-- Navigation arrows positioned directly within swiper -->\n      <div class=\"swiper-button-prev carousel-arrow-prev hidden md:block\"><\/div>\n      <div class=\"swiper-button-next carousel-arrow-next hidden md:block\"><\/div>\n    <\/div>\n  <\/div>\n\n<\/div>\n            <\/div>\n            <\/section>\n","protected":false},"excerpt":{"rendered":"","protected":false},"author":1,"featured_media":0,"parent":1660,"menu_order":1,"comment_status":"closed","ping_status":"closed","template":"","meta":{"_acf_changed":false,"navigation_active_colour":"","footnotes":""},"class_list":["post-1419","page","type-page","status-publish","hentry"],"acf":[],"_links":{"self":[{"href":"https:\/\/soundorigins.org\/ro\/wp-json\/wp\/v2\/pages\/1419","targetHints":{"allow":["GET"]}}],"collection":[{"href":"https:\/\/soundorigins.org\/ro\/wp-json\/wp\/v2\/pages"}],"about":[{"href":"https:\/\/soundorigins.org\/ro\/wp-json\/wp\/v2\/types\/page"}],"author":[{"embeddable":true,"href":"https:\/\/soundorigins.org\/ro\/wp-json\/wp\/v2\/users\/1"}],"replies":[{"embeddable":true,"href":"https:\/\/soundorigins.org\/ro\/wp-json\/wp\/v2\/comments?post=1419"}],"version-history":[{"count":3,"href":"https:\/\/soundorigins.org\/ro\/wp-json\/wp\/v2\/pages\/1419\/revisions"}],"predecessor-version":[{"id":1605,"href":"https:\/\/soundorigins.org\/ro\/wp-json\/wp\/v2\/pages\/1419\/revisions\/1605"}],"up":[{"embeddable":true,"href":"https:\/\/soundorigins.org\/ro\/wp-json\/wp\/v2\/pages\/1660"}],"wp:attachment":[{"href":"https:\/\/soundorigins.org\/ro\/wp-json\/wp\/v2\/media?parent=1419"}],"curies":[{"name":"wp","href":"https:\/\/api.w.org\/{rel}","templated":true}]}}